{"id":2414,"date":"2022-09-23T19:02:24","date_gmt":"2022-09-23T19:02:24","guid":{"rendered":"http:\/\/localhost\/?page_id=2414"},"modified":"2023-11-11T23:48:17","modified_gmt":"2023-11-12T05:48:17","slug":"licenciatura-en-administracion","status":"publish","type":"page","link":"https:\/\/minatitlan.tecnm.mx\/index.php\/licenciatura-en-administracion\/","title":{"rendered":"Licenciatura en Administraci\u00f3n"},"content":{"rendered":"\n<div class=\"wp-block-columns is-layout-flex wp-container-core-columns-is-layout-28f84493 wp-block-columns-is-layout-flex\">\n<div class=\"wp-block-column is-layout-flow wp-block-column-is-layout-flow\" style=\"flex-basis:66.66%\">\n<figure class=\"wp-block-image aligncenter size-large\"><img loading=\"lazy\" decoding=\"async\" width=\"1024\" height=\"538\" src=\"http:\/\/minatitlan.tecnm.mx\/wp-content\/uploads\/2022\/09\/chica-1200x630-4-1024x538.jpg\" alt=\"\" class=\"wp-image-2496\" srcset=\"https:\/\/minatitlan.tecnm.mx\/wp-content\/uploads\/2022\/09\/chica-1200x630-4-1024x538.jpg 1024w, https:\/\/minatitlan.tecnm.mx\/wp-content\/uploads\/2022\/09\/chica-1200x630-4-300x158.jpg 300w, https:\/\/minatitlan.tecnm.mx\/wp-content\/uploads\/2022\/09\/chica-1200x630-4-768x403.jpg 768w, https:\/\/minatitlan.tecnm.mx\/wp-content\/uploads\/2022\/09\/chica-1200x630-4-1536x807.jpg 1536w, https:\/\/minatitlan.tecnm.mx\/wp-content\/uploads\/2022\/09\/chica-1200x630-4-2048x1076.jpg 2048w\" sizes=\"auto, (max-width: 1024px) 100vw, 1024px\" \/><\/figure>\n<\/div>\n\n\n\n<div class=\"wp-block-column is-layout-flow wp-block-column-is-layout-flow\" style=\"flex-basis:33.33%\">\n<figure class=\"wp-block-table is-style-stripes has-small-font-size\"><table class=\"has-foreground-color has-text-color has-fixed-layout\"><tbody><tr><td class=\"has-text-align-center\" data-align=\"center\">LADM-2010-234<\/td><\/tr><tr><td class=\"has-text-align-center\" data-align=\"center\"><strong>MODALIDAD<\/strong><\/td><\/tr><tr><td class=\"has-text-align-center\" data-align=\"center\">Escolarizado &#8211; Semestral<\/td><\/tr><tr><td class=\"has-text-align-center\" data-align=\"center\"><strong>DURACI\u00d3N<\/strong><\/td><\/tr><tr><td class=\"has-text-align-center\" data-align=\"center\">9 Semestres<\/td><\/tr><tr><td class=\"has-text-align-center\" data-align=\"center\"><strong>TOTAL DE CR\u00c9DITOS<\/strong><\/td><\/tr><tr><td class=\"has-text-align-center\" data-align=\"center\">260<\/td><\/tr><tr><td class=\"has-text-align-center\" data-align=\"center\"><strong>PLAN DE ESTUDIOS<\/strong><\/td><\/tr><tr><td class=\"has-text-align-center\" data-align=\"center\"><a href=\"http:\/\/minatitlan.tecnm.mx\/wp-content\/uploads\/2022\/11\/Reticula-licenciatura-en-administracion.pdf\" target=\"_blank\" rel=\"noreferrer noopener\">Descargar plan de estudios<\/a><\/td><\/tr><tr><td class=\"has-text-align-center\" data-align=\"center\"><strong>COORDINADORA DE LA CARRERA<\/strong><\/td><\/tr><tr><td class=\"has-text-align-center\" data-align=\"center\">Olivia Hern\u00e1ndez Dom\u00ednguez<br>dep_la@minatitlan.tecnm.mx<\/td><\/tr><\/tbody><\/table><\/figure>\n<\/div>\n<\/div>\n\n\n\n<div class=\"wp-block-advgb-accordions advgb-accordion-wrapper\" data-collapsed=\"true\">\n<div class=\"wp-block-advgb-accordion-item advgb-accordion-item\" style=\"margin-bottom:15px\"><div class=\"advgb-accordion-header\" style=\"background-color:#1b396a;color:#ffffff;border-style:solid;border-width:1px;border-radius:2px\"><span class=\"advgb-accordion-header-icon\"><svg fill=\"#ffffff\" xmlns=\"http:\/\/www.w3.org\/2000\/svg\" width=\"24\" height=\"24\" viewBox=\"0 0 24 24\"><path opacity=\"0.87\" fill=\"none\" d=\"M24,24H0L0,0l24,0V24z\"><\/path><path d=\"M16.59,8.59L12,13.17L7.41,8.59L6,10l6,6l6-6L16.59,8.59z\"><\/path><\/svg><\/span><h1 class=\"advgb-accordion-header-title\" style=\"color:inherit\">Perfil de Ingreso<\/h1><\/div><div class=\"advgb-accordion-body\" style=\"color:#000000;border-style:solid !important;border-width:1px !important;border-color:undefined !important;border-top:none !important;border-radius:2px !important\">\n<p style=\"text-align: justify;\">El aspirante por cursar la Licenciatura en Administraci\u00f3n en Tecnol\u00f3gico Nacional de M\u00e9xico Campus Minatitl\u00e1n posea los conocimientos, habilidades, actitudes, valores y competencias necesarios para generar una base s\u00f3lida que fomente su desarrollo a lo largo de su vida acad\u00e9mica que ayude a formar profesionales de calidad, capaces de desarrollarse exitosamente en el \u00e1mbito laboral y personal.<\/p>\n<p><strong><em>Requisitos<\/em><\/strong><\/p>\n<ul>\n<li>Haber concluido el nivel de Educaci\u00f3n Media Superior.<\/li>\n<li style=\"text-align: justify;\">Disponer del tiempo para cumplir con las actividades del plan de estudio.<\/li>\n<li>Presentar el examen de admisi\u00f3n establecido por el Instituto. \u2028<\/li>\n<\/ul>\n<p><strong><em>Competencias <\/em><\/strong><\/p>\n<ul>\n<li>Habilidades matem\u00e1ticas (aritm\u00e9tica y estad\u00edstica).<\/li>\n<li style=\"text-align: justify;\">Habilidades b\u00e1sicas del manejo de la computaci\u00f3n.<\/li>\n<li style=\"text-align: justify;\">Habilidades de gesti\u00f3n de informaci\u00f3n.<\/li>\n<li style=\"text-align: justify;\">Comprensi\u00f3n lectora.<\/li>\n<li style=\"text-align: justify;\">Comunicaci\u00f3n escrita.<\/li>\n<li style=\"text-align: justify;\">Capacidad de relacionarse con otras personas.<\/li>\n<li style=\"text-align: justify;\">Habilidad para trabajar en forma aut\u00f3noma.<\/li>\n<\/ul>\n<\/div><\/div>\n<\/div>\n\n\n\n<div class=\"wp-block-advgb-accordions advgb-accordion-wrapper\" data-collapsed=\"true\">\n<div class=\"wp-block-advgb-accordion-item advgb-accordion-item\" style=\"margin-bottom:15px\"><div class=\"advgb-accordion-header\" style=\"background-color:#1b396a;color:#ffffff;border-style:solid;border-width:1px;border-radius:2px\"><span class=\"advgb-accordion-header-icon\"><svg fill=\"#ffffff\" xmlns=\"http:\/\/www.w3.org\/2000\/svg\" width=\"24\" height=\"24\" viewBox=\"0 0 24 24\"><path opacity=\"0.87\" fill=\"none\" d=\"M24,24H0L0,0l24,0V24z\"><\/path><path d=\"M16.59,8.59L12,13.17L7.41,8.59L6,10l6,6l6-6L16.59,8.59z\"><\/path><\/svg><\/span><h1 class=\"advgb-accordion-header-title\" style=\"color:inherit\">Objetivos Educativos<\/h1><\/div><div class=\"advgb-accordion-body\" style=\"color:#000000;border-style:solid !important;border-width:1px !important;border-color:undefined !important;border-top:none !important;border-radius:2px !important\">\n<p style=\"text-align: center;\"><strong>Licenciatura en Administraci\u00f3n<\/strong><\/p>\n<p style=\"text-align: center;\"><strong>Clave:\u202fLADM-2010-234<\/strong><\/p>\n<p><strong>Objetivo General<\/strong><\/p>\n<p style=\"text-align: justify;\">Formar profesionales de la administraci\u00f3n comprometidos con las demandas y oportunidades del entorno, con una visi\u00f3n estrat\u00e9gica, humanista y global, que act\u00faen como agentes de cambio, a trav\u00e9s del dise\u00f1o, innovaci\u00f3n y direcci\u00f3n en las organizaciones.<\/p>\n<p><\/p>\n<p><strong>Objetivos educativos<\/strong><strong>&nbsp;<\/strong><\/p>\n<ol>\n<li style=\"text-align: justify;\">Adaptar las etapas del proceso administrativo a las nuevas tendencias con la finalidad de optimizar los recursos.<\/li>\n<li style=\"text-align: justify;\">Analizar e interpretar informaci\u00f3n financiera y econ\u00f3mica para la toma de decisiones en las<\/li>\n<li style=\"text-align: justify;\">Crear y desarrollar negocios sustentables aplicando m\u00e9todos de investigaci\u00f3n de vanguardia, contribuyendo al fin de la pobreza, con un enfoque multicultural y<\/li>\n<li style=\"text-align: justify;\">Interpretar y aplicar el marco legal vigente, para dar certeza jur\u00eddica a las organizaciones, contribuyendo al trabajo decente y crecimiento econ\u00f3mico.<\/li>\n<li style=\"text-align: justify;\">Implementar y administrar sistemas de gesti\u00f3n de la calidad, para orientar a las organizaciones a la mejora continua que demande el entorno.<\/li>\n<li style=\"text-align: justify;\">Aplicar las tecnolog\u00edas de la informaci\u00f3n y comunicaci\u00f3n en el dise\u00f1o de estrategias, que permitan el trabajo de las organizaciones.<\/li>\n<\/ol>\n<\/div><\/div>\n\n\n\n<div class=\"wp-block-advgb-accordion-item advgb-accordion-item\" style=\"margin-bottom:15px\"><div class=\"advgb-accordion-header\" style=\"background-color:#1b396a;color:#ffffff;border-style:solid;border-width:1px;border-radius:2px\"><span class=\"advgb-accordion-header-icon\"><svg fill=\"#ffffff\" xmlns=\"http:\/\/www.w3.org\/2000\/svg\" width=\"24\" height=\"24\" viewBox=\"0 0 24 24\"><path opacity=\"0.87\" fill=\"none\" d=\"M24,24H0L0,0l24,0V24z\"><\/path><path d=\"M16.59,8.59L12,13.17L7.41,8.59L6,10l6,6l6-6L16.59,8.59z\"><\/path><\/svg><\/span><h1 class=\"advgb-accordion-header-title\" style=\"color:inherit\">Misi\u00f3n y visi\u00f3n<\/h1><\/div><div class=\"advgb-accordion-body\" style=\"color:#000000;border-style:solid !important;border-width:1px !important;border-color:undefined !important;border-top:none !important;border-radius:2px !important\">\n<p style=\"text-align: justify;\"><strong>Misi\u00f3n<\/strong><\/p>\n<p style=\"text-align: justify;\">Formar integralmente profesionales en administraci\u00f3n, basados en el modelo educativo para el siglo XXI, con un enfoque humanista y \u00e9tico para el desarrollo estrat\u00e9gico sostenible que demanden las organizaciones.<\/p>\n<p style=\"text-align: justify;\"><strong>Visi\u00f3n<\/strong><\/p>\n<p style=\"text-align: justify;\">Ser un programa acad\u00e9mico con reconocimiento nacional e internacional en el desempe\u00f1o e investigaci\u00f3n aplicada de la administraci\u00f3n.<\/p>\n<p style=\"text-align: justify;\"><strong>Pol\u00edticas<\/strong><\/p>\n<ol>\n<li style=\"text-align: justify;\">Promover el desarrollo integral y arm\u00f3nico del estudiante en Administraci\u00f3n para que responda a los retos y necesidades de las organizaciones.<\/li>\n<li style=\"text-align: justify;\">Implementar y orientar los procesos estrat\u00e9gicos y actividades del programa educativo hacia el reconocimiento nacional e internacional.<\/li>\n<li style=\"text-align: justify;\">Mantener una relaci\u00f3n estrecha y permanente con la comunidad en actividades cient\u00edficas, tecnol\u00f3gicas, culturales y human\u00edsticas.<\/li>\n<li style=\"text-align: justify;\">Fomentar la investigaci\u00f3n, la ciencia y la tecnolog\u00eda en el campo de la administraci\u00f3n.<\/li>\n<li style=\"text-align: justify;\">Vigilar en el proceso educativo el cumplimiento de las leyes, reglamentos, manuales y procedimientos que rigen la operaci\u00f3n del programa acad\u00e9mico.<\/li>\n<li style=\"text-align: justify;\">Orientar las actividades del programa educativo hacia la equidad de g\u00e9nero y no discriminaci\u00f3n, la responsabilidad social, respeto al medio ambiente e impacto econ\u00f3mico.<\/li>\n<\/ol>\n<\/div><\/div>\n\n\n\n<div class=\"wp-block-advgb-accordion-item advgb-accordion-item\" style=\"margin-bottom:15px\"><div class=\"advgb-accordion-header\" style=\"background-color:#1b396a;color:#ffffff;border-style:solid;border-width:1px;border-radius:2px\"><span class=\"advgb-accordion-header-icon\"><svg fill=\"#ffffff\" xmlns=\"http:\/\/www.w3.org\/2000\/svg\" width=\"24\" height=\"24\" viewBox=\"0 0 24 24\"><path opacity=\"0.87\" fill=\"none\" d=\"M24,24H0L0,0l24,0V24z\"><\/path><path d=\"M16.59,8.59L12,13.17L7.41,8.59L6,10l6,6l6-6L16.59,8.59z\"><\/path><\/svg><\/span><h1 class=\"advgb-accordion-header-title\" style=\"color:inherit\">Salida lateral<\/h1><\/div><div class=\"advgb-accordion-body\" style=\"color:#000000;border-style:solid !important;border-width:1px !important;border-color:undefined !important;border-top:none !important;border-radius:2px !important\">\n<figure class=\"wp-block-table is-style-stripes\"><table class=\"has-fixed-layout\"><tbody><tr><td><a href=\"http:\/\/minatitlan.tecnm.mx\/wp-content\/uploads\/2023\/01\/SALIDA-LATERAL-LA_.pdf\" target=\"_blank\" rel=\"noreferrer noopener\">Salida lateral<\/a><\/td><td class=\"has-text-align-right\" data-align=\"right\"><img loading=\"lazy\" decoding=\"async\" width=\"30\" height=\"30\" class=\"wp-image-15907\" style=\"width: 30px;\" src=\"http:\/\/minatitlan.tecnm.mx\/wp-content\/uploads\/2022\/11\/pdf.png\" alt=\"\"><\/td><\/tr><\/tbody><\/table><\/figure>\n<\/div><\/div>\n\n\n\n<div class=\"wp-block-advgb-accordion-item advgb-accordion-item\" style=\"margin-bottom:15px\"><div class=\"advgb-accordion-header\" style=\"background-color:#1b396a;color:#ffffff;border-style:solid;border-width:1px;border-radius:2px\"><span class=\"advgb-accordion-header-icon\"><svg fill=\"#ffffff\" xmlns=\"http:\/\/www.w3.org\/2000\/svg\" width=\"24\" height=\"24\" viewBox=\"0 0 24 24\"><path opacity=\"0.87\" fill=\"none\" d=\"M24,24H0L0,0l24,0V24z\"><\/path><path d=\"M16.59,8.59L12,13.17L7.41,8.59L6,10l6,6l6-6L16.59,8.59z\"><\/path><\/svg><\/span><h1 class=\"advgb-accordion-header-title\" style=\"color:inherit\">Objetivo<\/h1><\/div><div class=\"advgb-accordion-body\" style=\"color:#000000;border-style:solid !important;border-width:1px !important;border-color:undefined !important;border-top:none !important;border-radius:2px !important\">\n<p style=\"text-align: justify;\"><span style=\"color: #000000;\">Formar profesionales de la administraci\u00f3n comprometidos con las demandas y oportunidades del entorno, con una visi\u00f3n estrat\u00e9gica, humanista y global, que act\u00faen como agentes de cambio, a trav\u00e9s del dise\u00f1o, innovaci\u00f3n y direcci\u00f3n en organizaciones.<\/span><\/p>\n<\/div><\/div>\n<\/div>\n\n\n\n<div class=\"wp-block-advgb-accordions advgb-accordion-wrapper\" data-collapsed=\"true\">\n<div class=\"wp-block-advgb-accordion-item advgb-accordion-item\" style=\"margin-bottom:15px\"><div class=\"advgb-accordion-header\" style=\"background-color:#1b396a;color:#ffffff;border-style:solid;border-width:1px;border-radius:2px\"><span class=\"advgb-accordion-header-icon\"><svg fill=\"#ffffff\" xmlns=\"http:\/\/www.w3.org\/2000\/svg\" width=\"24\" height=\"24\" viewBox=\"0 0 24 24\"><path opacity=\"0.87\" fill=\"none\" d=\"M24,24H0L0,0l24,0V24z\"><\/path><path d=\"M16.59,8.59L12,13.17L7.41,8.59L6,10l6,6l6-6L16.59,8.59z\"><\/path><\/svg><\/span><h1 class=\"advgb-accordion-header-title\" style=\"color:inherit\">Perfil de Egreso<\/h1><\/div><div class=\"advgb-accordion-body\" style=\"color:#000000;border-style:solid !important;border-width:1px !important;border-color:undefined !important;border-top:none !important;border-radius:2px !important\">\n<ol class=\"perfil-list\">\n<li style=\"text-align: justify;\"><span style=\"color: #000000;\">Integra los procesos gerenciales, de administraci\u00f3n, de innovaci\u00f3n y las estrategias para alcanzar la productividad y competitividad de las organizaciones.<\/span><\/li>\n<li style=\"text-align: justify;\"><span style=\"color: #000000;\">Adapta las etapas de los procesos a las nuevas tendencias y enfoques de la administraci\u00f3n, para la optimizaci\u00f3n de los recursos y el manejo de los cambios organizacionales, de acuerdo a las necesidades del entorno.<\/span><\/li>\n<li style=\"text-align: justify;\"><span style=\"color: #000000;\">Desarrolla habilidades directivas basadas en la \u00e9tica y la responsabilidad social, que le permitan integrar y coordinar equipos interdisciplinarios y multidisciplinarios para el crecimiento de la organizaci\u00f3n.<\/span><\/li>\n<li style=\"text-align: justify;\"><span style=\"color: #000000;\">Crea y desarrolla proyectos sustentables aplicando m\u00e9todos de investigaci\u00f3n de vanguardia, con un enfoque estrat\u00e9gico, multicultural y humanista.<\/span><\/li>\n<li style=\"text-align: justify;\"><span style=\"color: #000000;\">Dirige la organizaci\u00f3n hacia la consecuci\u00f3n de sus objetivos, a trav\u00e9s de la coordinaci\u00f3n de esfuerzos y el desarrollo creativo.<\/span><\/li>\n<li style=\"text-align: justify;\"><span style=\"color: #000000;\">Dise\u00f1a organizaciones que contribuyan a la transformaci\u00f3n econ\u00f3mica y social identificando las oportunidades de negocios.<\/span><\/li>\n<li style=\"text-align: justify;\"><span style=\"color: #000000;\">Interpreta y aplica el marco legal vigente nacional e internacional, para dar certeza jur\u00eddica a las organizaciones.<\/span><\/li>\n<li style=\"text-align: justify;\"><span style=\"color: #000000;\">Interpreta informaci\u00f3n financiera y econ\u00f3mica para la toma de decisiones en las organizaciones.<\/span><\/li>\n<li style=\"text-align: justify;\"><span style=\"color: #000000;\">Desarrolla el capital humano a trav\u00e9s de la utilizaci\u00f3n de t\u00e9cnicas y herramientas gerenciales para la toma de decisiones.<\/span><\/li>\n<li style=\"text-align: justify;\"><span style=\"color: #000000;\">Implementa y administra sistemas de gesti\u00f3n de calidad para orientarlos a la mejora continua, con la finalidad de lograr la eficacia y eficiencia de la organizaci\u00f3n.<\/span><\/li>\n<li style=\"text-align: justify;\"><span style=\"color: #000000;\">Aplica las tecnolog\u00edas de la informaci\u00f3n y comunicaci\u00f3n en el dise\u00f1o de estrategias que optimicen el trabajo y desarrollo de las organizaciones.<\/span><\/li>\n<li style=\"text-align: justify;\"><span style=\"color: #000000;\">Posee una visi\u00f3n multidisciplinaria para generar acciones ante escenarios de contingencia salvaguardando la integridad humana.<\/span><\/li>\n<li style=\"text-align: justify;\"><span style=\"color: #000000;\">Dise\u00f1a estrategias de mercadotecnia basadas en el an\u00e1lisis de la informaci\u00f3n interna y del entorno global, para asegurar el \u00e9xito de la comercializaci\u00f3n de bienes y servicios de las organizaciones.<\/span><\/li>\n<\/ol>\n<\/div><\/div>\n<\/div>\n\n\n\n<div class=\"wp-block-advgb-accordions advgb-accordion-wrapper\" data-collapsed=\"true\">\n<div class=\"wp-block-advgb-accordion-item advgb-accordion-item\" style=\"margin-bottom:15px\"><div class=\"advgb-accordion-header\" style=\"background-color:#1b396a;color:#ffffff;border-style:solid;border-width:1px;border-radius:2px\"><span class=\"advgb-accordion-header-icon\"><svg fill=\"#ffffff\" xmlns=\"http:\/\/www.w3.org\/2000\/svg\" width=\"24\" height=\"24\" viewBox=\"0 0 24 24\"><path opacity=\"0.87\" fill=\"none\" d=\"M24,24H0L0,0l24,0V24z\"><\/path><path d=\"M16.59,8.59L12,13.17L7.41,8.59L6,10l6,6l6-6L16.59,8.59z\"><\/path><\/svg><\/span><h1 class=\"advgb-accordion-header-title\" style=\"color:inherit\">Asignaturas<\/h1><\/div><div class=\"advgb-accordion-body\" style=\"color:#000000;border-style:solid !important;border-width:1px !important;border-color:undefined !important;border-top:none !important;border-radius:2px !important\">\n<figure class=\"wp-block-table alignwide is-style-stripes\"><table class=\"has-fixed-layout\" style=\"border-width:1px\"><tbody><tr><td><a href=\"http:\/\/minatitlan.tecnm.mx\/wp-content\/uploads\/2022\/11\/Asignaturas_LA.zip\">Asignaturas<\/a><\/td><td class=\"has-text-align-right\" data-align=\"right\"><img loading=\"lazy\" decoding=\"async\" width=\"30\" height=\"30\" class=\"wp-image-19000\" style=\"width: 30px;\" src=\"http:\/\/minatitlan.tecnm.mx\/wp-content\/uploads\/2022\/11\/Zip-1.png\" alt=\"\"><img decoding=\"async\" class=\"wp-image-17486\" style=\"width: 30px;\" src=\"http:\/\/minatitlan.tecnm.mx\/wp-content\/uploads\/2022\/11\/Zip.png\" alt=\"\"> <\/td><\/tr><tr><td><a href=\"http:\/\/minatitlan.tecnm.mx\/wp-content\/uploads\/2022\/11\/Asignaturas_Comunes_LA.zip\">Asignaturas comunes<\/a><\/td><td class=\"has-text-align-right\" data-align=\"right\"><img decoding=\"async\" class=\"wp-image-17486\" style=\"width: 30px;\" src=\"http:\/\/minatitlan.tecnm.mx\/wp-content\/uploads\/2022\/11\/Zip.png\" alt=\"\"><img loading=\"lazy\" decoding=\"async\" width=\"30\" height=\"30\" class=\"wp-image-19000\" style=\"width: 30px;\" src=\"http:\/\/minatitlan.tecnm.mx\/wp-content\/uploads\/2022\/11\/Zip-1.png\" alt=\"\"><\/td><\/tr><tr><td><a href=\"http:\/\/minatitlan.tecnm.mx\/wp-content\/uploads\/2022\/11\/Asignaturas_Equivalentes_LA.zip\">Asignaturas equivalentes<\/a><\/td><td class=\"has-text-align-right\" data-align=\"right\"><img decoding=\"async\" class=\"wp-image-17486\" style=\"width: 30px;\" src=\"http:\/\/minatitlan.tecnm.mx\/wp-content\/uploads\/2022\/11\/Zip.png\" alt=\"\"><img loading=\"lazy\" decoding=\"async\" width=\"30\" height=\"30\" class=\"wp-image-19000\" style=\"width: 30px;\" src=\"http:\/\/minatitlan.tecnm.mx\/wp-content\/uploads\/2022\/11\/Zip-1.png\" alt=\"\"><\/td><\/tr><\/tbody><\/table><\/figure>\n<\/div><\/div>\n<\/div>\n","protected":false},"excerpt":{"rendered":"<p>LADM-2010-234 MODALIDAD Escolarizado &#8211; Semestral DURACI\u00d3N 9 Semestres TOTAL DE CR\u00c9DITOS 260 PLAN DE ESTUDIOS Descargar plan de estudios COORDINADORA DE LA CARRERA Olivia Hern\u00e1ndez Dom\u00ednguezdep_la@minatitlan.tecnm.mx<\/p>\n","protected":false},"author":1,"featured_media":0,"parent":0,"menu_order":0,"comment_status":"closed","ping_status":"closed","template":"","meta":{"advgb_blocks_editor_width":"","advgb_blocks_columns_visual_guide":"","footnotes":""},"class_list":["post-2414","page","type-page","status-publish","hentry"],"coauthors":[],"author_meta":{"author_link":"https:\/\/minatitlan.tecnm.mx\/index.php\/author\/cc-itmina\/","display_name":"CC-ITMINA"},"relative_dates":{"created":"Publicado 4 a\u00f1os hace","modified":"Actualizado 2 a\u00f1os hace"},"absolute_dates":{"created":"Publicado el 23 septiembre, 2022","modified":"Actualizado el 11 noviembre, 2023"},"absolute_dates_time":{"created":"Publicado el 23 septiembre, 2022 7:02 pm","modified":"Actualizado el 11 noviembre, 2023 11:48 pm"},"featured_img_caption":"","featured_img":false,"series_order":"","_links":{"self":[{"href":"https:\/\/minatitlan.tecnm.mx\/index.php\/wp-json\/wp\/v2\/pages\/2414","targetHints":{"allow":["GET"]}}],"collection":[{"href":"https:\/\/minatitlan.tecnm.mx\/index.php\/wp-json\/wp\/v2\/pages"}],"about":[{"href":"https:\/\/minatitlan.tecnm.mx\/index.php\/wp-json\/wp\/v2\/types\/page"}],"author":[{"embeddable":true,"href":"https:\/\/minatitlan.tecnm.mx\/index.php\/wp-json\/wp\/v2\/users\/1"}],"replies":[{"embeddable":true,"href":"https:\/\/minatitlan.tecnm.mx\/index.php\/wp-json\/wp\/v2\/comments?post=2414"}],"version-history":[{"count":23,"href":"https:\/\/minatitlan.tecnm.mx\/index.php\/wp-json\/wp\/v2\/pages\/2414\/revisions"}],"predecessor-version":[{"id":27184,"href":"https:\/\/minatitlan.tecnm.mx\/index.php\/wp-json\/wp\/v2\/pages\/2414\/revisions\/27184"}],"wp:attachment":[{"href":"https:\/\/minatitlan.tecnm.mx\/index.php\/wp-json\/wp\/v2\/media?parent=2414"}],"curies":[{"name":"wp","href":"https:\/\/api.w.org\/{rel}","templated":true}]}}